{"id":459,"date":"2022-11-09T16:02:11","date_gmt":"2022-11-09T16:02:11","guid":{"rendered":"https:\/\/shop.lacrimabaccus.com\/politica-de-cookies\/"},"modified":"2023-11-15T18:00:09","modified_gmt":"2023-11-15T18:00:09","slug":"politica-de-cookies","status":"publish","type":"page","link":"https:\/\/shop.lacrimabaccus.com\/ca\/politica-de-cookies\/","title":{"rendered":"Pol\u00edtica de cookies"},"content":{"rendered":"\n<p><em><u><strong>QU\u00c8 \u00c9S UNA COOKIE?<\/strong><\/u><\/em><\/p>\n\n\n\n<p><em>Aquest lloc web utilitza cookies i\/o tecnologies similars que emmagatzemen i recuperen informaci\u00f3 quan navegues. En general, aquestes tecnologies poden servir per a finalitats molt diverses, com, per exemple, recon\u00e8ixer-te com a usuari, obtenir informaci\u00f3 sobre els teus h\u00e0bits de navegaci\u00f3 o personalitzes la forma en la qual es mostra el contingut. Els usos concrets que fem d&#8217;aquestes tecnologies es descriuen a continuaci\u00f3.<\/em><\/p>\n\n\n\n<p><em><u><strong>QUI UTILITZA LA INFORMACI\u00d3 DE LES COOKIES?<\/strong><\/u><\/em><\/p>\n\n\n\n<p><em>Les dades emmagatzemades s\u00f3n tractades per l&#8217;entitat <em>Bardinet Wines, S.A.U.<\/em> amb CIF A08974479 amb domicili social a Finca Manlleu, s\/n .08732 .Castellv\u00ed de la Marca (Barcelona)<\/em><\/p>\n\n\n\n<p><em><u><strong>QUINS TIPUS DE COOKIES EXISTEIXEN?<\/strong><\/u><\/em><\/p>\n\n\n\n<p><em>Les Cookies poden classificar-se, en virtut de les seves caracter\u00edstiques pr\u00f2pies, dins de diverses categories.<\/em><\/p>\n\n\n\n<ol class=\"wp-block-list\">\n<li><em>Segons l&#8217;entitat que la gestioni:<\/em><\/li>\n<\/ol>\n\n\n\n<ul class=\"wp-block-list\">\n<li><em>Cookies pr\u00f2pies: S\u00f3n aquelles que s&#8217;envien al teu ordinador i s\u00f3n gestionades exclusivament per nosaltres per al millor funcionament del Lloc web.<\/em><\/li>\n<\/ul>\n\n\n\n<ul class=\"wp-block-list\">\n<li><em>Cookies de tercers: S\u00f3n aquelles que s&#8217;envien al teu ordinador i no s\u00f3n gestionades per nosaltres sin\u00f3 per una tercera entitat.<\/em><\/li>\n<\/ul>\n\n\n\n<ol class=\"wp-block-list\" start=\"2\">\n<li><em>Segons el termini de temps que romanen activades:<\/em><\/li>\n<\/ol>\n\n\n\n<ul class=\"wp-block-list\">\n<li><em>Cookies de sessi\u00f3: Aquest tipus de cookies recapten i emmagatzemen dades \u00fanicament mentre l&#8217;Usuari accedeix al Lloc web.<\/em><\/li>\n<\/ul>\n\n\n\n<ul class=\"wp-block-list\">\n<li><em>Cookies persistents: Mitjan\u00e7ant aquest tipus de cookies les dades segueixen emmagatzemades i poden ser accedides i tractades durant el per\u00edode definit pel responsable de la cookie, i pot anar d&#8217;uns minuts a diversos anys.<\/em><\/li>\n<\/ul>\n\n\n\n<ol class=\"wp-block-list\" start=\"3\">\n<li><em>Segons la finalitat:<\/em><\/li>\n<\/ol>\n\n\n\n<ul class=\"wp-block-list\">\n<li><em>Cookies t\u00e8cniques: S\u00f3n aquelles que permeten a l&#8217;usuari la navegaci\u00f3 a trav\u00e9s del lloc web, plataforma o aplicaci\u00f3 i la utilitzaci\u00f3 de les diferents opcions o serveis que el mateix ofereix, com per exemple, controlar el tr\u00e0fic i la comunicaci\u00f3 de dades, identificar la sessi\u00f3, accedir a parts d&#8217;acc\u00e9s restringit, recordar els elements que integren una comanda, realitzar el proc\u00e9s de compra de una comanda, realitzar la sol\u00b7licitud d&#8217;inscripci\u00f3 o participaci\u00f3 en un esdeveniment, utilitzar elements de seguretat durant la navegaci\u00f3, emmagatzemar continguts per a la difusi\u00f3 de v\u00eddeos o so o compartir continguts a trav\u00e9s de xarxes socials.<\/em><\/li>\n<\/ul>\n\n\n\n<ul class=\"wp-block-list\">\n<li><em>Cookies de personalitzaci\u00f3: S\u00f3n aquelles que permeten a l&#8217;usuari accedeix al servei amb algunes caracter\u00edstiques de car\u00e0cter general predefinides, com per exemple l\u2019 idioma, la configuraci\u00f3 regional des d&#8217;on accedeix al servei, etc.<\/em><\/li>\n<\/ul>\n\n\n\n<ul class=\"wp-block-list\">\n<li><em>Cookies d&#8217;an\u00e0lisi: S\u00f3n aquelles que permeten al responsable de les mateixes, el seguiment i an\u00e0lisi del comportament dels usuaris dels llocs web als quals estan vinculades. La informaci\u00f3 recollida mitjan\u00e7ant aquest tipus de cookies s&#8217;utilitza en el mesurament de l&#8217;activitat dels llocs web, aplicaci\u00f3 o plataforma i per a l&#8217;elaboraci\u00f3 de perfils de navegaci\u00f3 dels usuaris d&#8217;aquests llocs, aplicacions i plataformes, amb la finalitat d&#8217;introduir millores en funci\u00f3 de l&#8217;an\u00e0lisi de les dades d&#8217;\u00fas que fan els usuaris del servei.<\/em><\/li>\n<\/ul>\n\n\n\n<ul class=\"wp-block-list\">\n<li><em>Cookies publicit\u00e0ries: S\u00f3n aquelles que permeten la gesti\u00f3, de la forma m\u00e9s efica\u00e7 possible, dels espais publicitaris que, si escau, s&#8217;hagi incl\u00f2s en el lloc web, aplicaci\u00f3 o plataforma des de la qual presta el servei sol\u00b7licitat sobre la base dels criteris com el contingut editat o la freq\u00fc\u00e8ncia en la qual es mostren els anuncis.<\/em><\/li>\n<\/ul>\n\n\n\n<ul class=\"wp-block-list\">\n<li><em>Cookies de publicitat comportamental: S\u00f3n aquelles que permeten la gesti\u00f3, de la forma m\u00e9s efica\u00e7 possible, dels espais publicitaris que, si escau, l&#8217;editor hagi incl\u00f2s a la seva p\u00e0gina web, aplicaci\u00f3 o plataforma des de la qual presta el servei sol\u00b7licitat. Aquestes cookies emmagatzemen informaci\u00f3 del comportament dels usuaris obtinguda a trav\u00e9s de l&#8217;observaci\u00f3 continuada dels seus h\u00e0bits de navegaci\u00f3, la qual cosa permet desenvolupar un perfil espec\u00edfic per mostrar publicitat en funci\u00f3 del mateix.<\/em><\/li>\n<\/ul>\n\n\n\n<p><em><u><strong>QUINS TIPUS DE COOKIES UTILITZA AQUEST LLOC WEB?<\/strong><\/u><\/em><\/p>\n\n\n\n<p><em>A continuaci\u00f3, s&#8217;especifiquen les cookies en concret emprades en el present Lloc web:<\/em><\/p>\n\n\n\n<figure class=\"wp-block-table\"><table><tbody><tr><td><em><strong>Nom<\/strong><\/em><\/td><td><em><strong>Tipus (t\u00e8cniques, personalitzaci\u00f3, an\u00e0lisi o publicit\u00e0ries)<\/strong><\/em><\/td><td><em><strong>Durada<\/strong><\/em><\/td><td><em><strong>Finalitat<\/strong><\/em><\/td><td><em><strong>Pr\u00f2pies\/Tercers<\/strong><\/em> <em><strong>*Identificaci\u00f3 del tercer (link a la Pol\u00edtica de Cookies del tercer)<\/strong><\/em><\/td><\/tr><tr><td><br><\/td><td><br><\/td><td><br><\/td><td><br><\/td><td><br><\/td><\/tr><tr><td><br><\/td><td><br><\/td><td><br><\/td><td><br><\/td><td><br><\/td><\/tr><tr><td><br><\/td><td><br><\/td><td><br><\/td><td><br><\/td><td><br><\/td><\/tr><tr><td><br><\/td><td><br><\/td><td><br><\/td><td><br><\/td><td><br><\/td><\/tr><tr><td><br><\/td><td><br><\/td><td><br><\/td><td><br><\/td><td><br><\/td><\/tr><tr><td><br><\/td><td><br><\/td><td><br><\/td><td><br><\/td><td><br><\/td><\/tr><\/tbody><\/table><\/figure>\n\n\n\n<p><em>Aquesta taula pot ser actualitzada conforme a les cookies empleades a cada moment. T\u2019 aconsellem que consultis la nostra Pol\u00edtica de Cookies de forma regular.<\/em><\/p>\n\n\n\n<p><em><u><strong>ES REALITZEN TRANFER\u00c8NCIESS DE DADES A TERCERS PA\u00cfSOS?<\/strong><\/u><\/em><\/p>\n\n\n\n<p><em>Pots informar-te de les transfer\u00e8ncies a tercers pa\u00efsos que, si escau, realitzen els tercers identificats en aquesta pol\u00edtica de cookies en els seus corresponents pol\u00edtiques (Veure els enlla\u00e7os facilitats en la taula anterior, a l&#8217;apartat de cookies de tercers).<\/em><\/p>\n\n\n\n<p><em><u><strong>COM DESHABILITAR I BLOQUAR COOKIES?<\/strong><\/u><\/em><\/p>\n\n\n\n<p><em>T&#8217; informem que, en qualsevol cas, pots desactivar o bloquejar les cookies activant la configuraci\u00f3 del teu navegador, permiti\u00e9ndoti rebutjar la instal\u00b7laci\u00f3 de totes o algunes de les cookies. En cas de no permetre la instal\u00b7laci\u00f3 de cookies \u00e9s possible que no puguis accedir a algunes de les funcionalitats del present lloc web, i per tant, la teva experi\u00e8ncia com a usuari en el lloc web resulti menys satisfact\u00f2ria.<\/em><\/p>\n\n\n\n<p><em>Pots permetre, bloquejar o eliminar les cookies instal\u00b7lades en el teu equip mitjan\u00e7ant la configuraci\u00f3 de les opcions del navegador instal\u00b7lat en el teu ordinador. Per a m\u00e9s informaci\u00f3 sobre com ajustar les seves configuracions de cookies en els seg\u00fcents navegadors, ti remetem a l&#8217;enlla\u00e7 pertinent:<\/em><\/p>\n\n\n\n<p><em>Internet Explorer<\/em><\/p>\n\n\n\n<ul class=\"wp-block-list\">\n<li><a href=\"https:\/\/support.microsoft.com\/es-es\/help\/17442\/windows-internet-explorer-delete-manage-cookies\"><em><u>https:\/\/support.microsoft.com\/es-es\/help\/17442\/windows-internet-explorer-delete-manage-cookies<\/u><\/em><\/a><\/li>\n<\/ul>\n\n\n\n<p><em>Firefox<\/em><\/p>\n\n\n\n<ul class=\"wp-block-list\">\n<li><a href=\"https:\/\/support.mozilla.org\/es\/kb\/habilitar-y-deshabilitar-cookies-sitios-web-rastrear-preferencias?redirectlocale=es&amp;redirectslug=habilitar-y-deshabilitar-cookies-que-los-sitios-we\"><em><u>https:\/\/support.mozilla.org\/es\/kb\/habilitar-y-deshabilitar-cookies-sitios-web-rastrear-preferencias?redirectlocale=es&amp;redirectslug=habilitar-y-deshabilitar-cookies-que-los-sitios-we<\/u><\/em><\/a><\/li>\n<\/ul>\n\n\n\n<p><em>Chrome<\/em><\/p>\n\n\n\n<ul class=\"wp-block-list\">\n<li><a href=\"http:\/\/support.google.com\/chrome\/bin\/answer.py?hl=en&amp;answer=95647\"><em><u>http:\/\/support.google.com\/chrome\/bin\/answer.py?hl=en&amp;answer=95647<\/u><\/em><\/a><\/li>\n<\/ul>\n\n\n\n<p><em>Safari<\/em><\/p>\n\n\n\n<ul class=\"wp-block-list\">\n<li><a href=\"https:\/\/support.apple.com\/kb\/PH19214?viewlocale=es_ES&amp;locale=es_ES\"><em><u>https:\/\/support.apple.com\/kb\/ph19214?viewlocale=es_es&amp;locale=\u00e9s_\u00c9S<\/u><\/em><\/a><\/li>\n<\/ul>\n\n\n\n<p><em>Opera<\/em><\/p>\n\n\n\n<ul class=\"wp-block-list\">\n<li><a href=\"http:\/\/help.opera.com\/Windows\/11.50\/es-ES\/cookies.html\"><em><u>http:\/\/help.opera.com\/windows\/11.50\/es-es\/cookies.html<\/u><\/em><\/a><\/li>\n<\/ul>\n\n\n\n<p><em><u><strong>QUINS DRETS T\u00c9 S SOBRE LES DADES PERSONALS APORTADES?<\/strong><\/u><\/em><\/p>\n\n\n\n<p><em>Com a usuari, pots exercitar els seg\u00fcents drets:<\/em><\/p>\n\n\n\n<ul class=\"wp-block-list\">\n<li><em>Dret d&#8217;acc\u00e9s: Tens dret a obtenir per part de l&#8217;empresa confirmaci\u00f3 de si s&#8217;estan tractant o no les teves dades personals que, i si es el cas, quines dades tracta.<\/em><\/li>\n\n\n\n<li><em>Dret de rectificaci\u00f3: Tens dret a obtenir per part de l&#8217;empresa, la rectificaci\u00f3 de les dades personals inexactes que et concerneixen. En la sol\u00b7licitud de rectificaci\u00f3 haur\u00e0s d\u2019 indicar les dades que vols que es modifiquin.<\/em><\/li>\n\n\n\n<li><em>Dret d&#8217;oposici\u00f3: Tens dret a oposar-te en qualsevol moment, per motius relacionats amb la teva situaci\u00f3 particular, al fet que dades personals que et concerneixin siguin objecte d&#8217;un tractament basat en l&#8217;inter\u00e8s leg\u00edtim de l&#8217;empresa. En aquest cas, l&#8217;empresa deixar\u00e0 de tractar les dades personals, tret que acreditem motius leg\u00edtims imperiosos pel tractament que prevalguin sobret us interessos, drets i llibertats, o per a la formulaci\u00f3, l&#8217;exercici o la defensa de reclamacions.<\/em><\/li>\n\n\n\n<li><em>Dret de supressi\u00f3: Tens dret a obtenir per part de l&#8217;empresa, la supressi\u00f3 de les dades personals que et concerneixin..<\/em><\/li>\n\n\n\n<li><em>Dret a la portabilitat de les dades: Tens dret al fet que l&#8217;empresa transfereixi les teves dades personals a un altre responsable del tractament. Nom\u00e9s \u00e9s possible exercir aquest dret quan el tractament estigui basat en l&#8217;execuci\u00f3 d&#8217;un contracte o al teu consentiment i el tractament es realitzi per mitjans automatitzats..<\/em><\/li>\n\n\n\n<li><em>Dret a la limitaci\u00f3 del tractament: Tens dret a sol\u00b7licitar-nos que suspenguem el tractament de les teves dades quan: impugnes l&#8217;exactitud de les dades, mentre l&#8217;empresa verifica aquesta exactitud; hagis exercit el dret d&#8217;oposici\u00f3 a el tractament de les teves dades, mentre que es verifica si els motius leg\u00edtims de l&#8217;empresa prevalen sobre els teus com interessat.<\/em><\/li>\n\n\n\n<li><em>Dret a no ser objecte de decisions individuals automatitzades, inclosa l&#8217;elaboraci\u00f3 de<\/em><em><u> perfils<\/u><\/em><em>: Tens dret a no ser objecte d&#8217;una decisi\u00f3 basada \u00fanicament en el tractament automatitzat, inclosa l&#8217;elaboraci\u00f3 de perfils, que produeixi efectes jur\u00eddics o t&#8217;afecti significativament de manera similar.<\/em><\/li>\n<\/ul>\n\n\n\n<p><em>En qualsevol moment, podr\u00e0s exercir aquests Drets, mitjan\u00e7ant un escrit i acreditant la teva personalitat dirigit a Bardinet Wines, S.A.U. amb adre\u00e7a de correu postal en Finca Manlleu, s\/n .08732 .Castellv\u00ed de la Marca (Barcelona)<\/em><\/p>\n\n\n\n<p><em>A m\u00e9s, podr\u00e0s presentar una reclamaci\u00f3 davant l&#8217;autoritat de control, en aquest cas, l&#8217;Ag\u00e8ncia Espanyola de Protecci\u00f3 de Dades, si consideres que el tractament de dades personals infringeix la legislaci\u00f3 aplicable.<\/em><\/p>\n","protected":false},"excerpt":{"rendered":"<p>QU\u00c8 \u00c9S UNA COOKIE? Aquest lloc web utilitza cookies i\/o tecnologies similars que emmagatzemen i recuperen informaci\u00f3 quan navegues. En general, aquestes tecnologies poden servir per a finalitats molt diverses, com, per exemple, recon\u00e8ixer-te com a usuari, obtenir informaci\u00f3 sobre els teus h\u00e0bits de navegaci\u00f3 o personalitzes la forma en la qual es mostra el &#8230; <a title=\"Pol\u00edtica de cookies\" class=\"read-more\" href=\"https:\/\/shop.lacrimabaccus.com\/ca\/politica-de-cookies\/\" aria-label=\"M\u00e9s informaci\u00f3 sobre Pol\u00edtica de cookies\">Read more<\/a><\/p>\n","protected":false},"author":1,"featured_media":0,"parent":0,"menu_order":0,"comment_status":"closed","ping_status":"closed","template":"","meta":{"_acf_changed":false,"footnotes":""},"class_list":["post-459","page","type-page","status-publish"],"acf":[],"_links":{"self":[{"href":"https:\/\/shop.lacrimabaccus.com\/ca\/wp-json\/wp\/v2\/pages\/459","targetHints":{"allow":["GET"]}}],"collection":[{"href":"https:\/\/shop.lacrimabaccus.com\/ca\/wp-json\/wp\/v2\/pages"}],"about":[{"href":"https:\/\/shop.lacrimabaccus.com\/ca\/wp-json\/wp\/v2\/types\/page"}],"author":[{"embeddable":true,"href":"https:\/\/shop.lacrimabaccus.com\/ca\/wp-json\/wp\/v2\/users\/1"}],"replies":[{"embeddable":true,"href":"https:\/\/shop.lacrimabaccus.com\/ca\/wp-json\/wp\/v2\/comments?post=459"}],"version-history":[{"count":2,"href":"https:\/\/shop.lacrimabaccus.com\/ca\/wp-json\/wp\/v2\/pages\/459\/revisions"}],"predecessor-version":[{"id":532,"href":"https:\/\/shop.lacrimabaccus.com\/ca\/wp-json\/wp\/v2\/pages\/459\/revisions\/532"}],"wp:attachment":[{"href":"https:\/\/shop.lacrimabaccus.com\/ca\/wp-json\/wp\/v2\/media?parent=459"}],"curies":[{"name":"wp","href":"https:\/\/api.w.org\/{rel}","templated":true}]}}